{"id":201,"date":"2025-12-22T17:26:15","date_gmt":"2025-12-22T17:26:15","guid":{"rendered":"https:\/\/allsevillaguides.com\/tour\/visite-santa-cruz-et-flamenco\/"},"modified":"2026-03-10T13:28:07","modified_gmt":"2026-03-10T13:28:07","slug":"visite-santa-cruz-et-flamenco","status":"publish","type":"tour","link":"https:\/\/allsevillaguides.com\/fr\/tour\/visite-santa-cruz-et-flamenco\/","title":{"rendered":"Visite priv\u00e9e du quartier de Santa Cruz et du flamenco"},"content":{"rendered":"\n<p>La <strong>Visite Santa Cruz et flamenco <\/strong>est un parfait m\u00e9lange d\u2019une<br>agr\u00e9able promenade dans l\u2019un des quartiers les plus romantiques et int\u00e9ressants de la<br>ville, et d\u2019un spectacle de flamenco \u00e9mouvant qui vous fera sentir les racines de notre<br>terre.<\/p>\n\n\n\n<p>Nous nous prom\u00e8nerons \u00e0 la tomb\u00e9e de la nuit, lorsque tout le monde se repose apr\u00e8s une<br>journ\u00e9e bien remplie, dans le quartier le plus romantique par excellence : Santa Cruz. Ce<br>quartier, rassemble au d\u00e9tour de ces ruelles \u00e9troites, l\u2019histoire de la ville islamique, juive,<br>puis christianis\u00e9e par l\u2019Inquisition. Pour toutes ces raisons, c\u2019est un lieu rempli d\u2019anecdotes<br>et de l\u00e9gendes qui se multiplient \u00e0 chaque recoin de ce quartier. Il s\u2019agit sans aucun doute<br>d\u2019une exp\u00e9rience int\u00e9ressante qui vous transportera \u00e0 une autre \u00e9poque.<\/p>\n\n\n\n<p>On ne peut pas oublier que S\u00e9ville est le berceau du flamenco. Pour cela, vous avez une<br>bonne excuse pour \u00e9couter ce chant et voir cette danse si traditionnelle sur notre terre. Par<br>cons\u00e9quent, apr\u00e8s la promenade, nous arriverons \u00e0 un \u201ctablao\u201d pour assister \u00e0 un<br>spectacle de flamenco, un vrai, un qui vous fera sentir le \u00ab taconeo \u00bb \u00e0 moins de 20<br>m\u00e8tres de distance et voir tous les d\u00e9tails des mouvements et le travail des danseurs. Une<br>exp\u00e9rience unique qui va vous \u00e9mouvoir. Vous comprendrez que ce n\u2019est pas pour rien<br>que le Flamenco est Patrimoine Immat\u00e9riel de l\u2019Humanit\u00e9, et il se trouve \u00e0 la port\u00e9e de<br>cette visite combin\u00e9e. Vous allez laisser passer cette chance ?<\/p>\n\n\n\n<p>Point de rencontre: nous viendrons vous chercher \u00e0 votre h\u00f4tel si vous logez dans le centre.<br>Dans le cas contraire nous nous retrouverons aux pieds de la Giralda.<\/p>\n\n\n\n<p>R\u00e9servez d\u00e8s maintenant notre Visite Santa Cruz et flamenco sur le site web. C&rsquo;est facile, rapide et s\u00e9curis\u00e9 !<\/p>\n\n\n\n<p>Cela peut \u00e9galement vous int\u00e9resser: <a href=\"http:\/\/allsevillatours.local\/fr\/tour\/visita-privada-catedral-de-sevilla\/\" target=\"_blank\" rel=\"noopener\">Visite prov\u00e9e de la cath\u00e9drale de s\u00e9ville<\/a><\/p>\n","protected":false},"featured_media":257,"template":"","meta":{"_acf_changed":true},"tour_facility":[],"tour_type":[92],"class_list":["post-201","tour","type-tour","status-publish","has-post-thumbnail","hentry","tour_type-visites-privees"],"acf":[],"yoast_head":"<!-- This site is optimized with the Yoast SEO plugin v27.4 - https:\/\/yoast.com\/product\/yoast-seo-wordpress\/ -->\n<title>Visite priv\u00e9e du quartier de Santa Cruz et du flamenco | All sevilla tours<\/title>\n<meta name=\"description\" content=\"Lors de la Visite Santa Cruz et flamenco, nous nous prom\u00e8nerons au coucher du soleil dans Santa Cruz et d&#039;un v\u00e9ritable spectacle de flamenco\" \/>\n<meta name=\"robots\" content=\"index, follow, max-snippet:-1, max-image-preview:large, max-video-preview:-1\" \/>\n<link rel=\"canonical\" href=\"https:\/\/allsevillaguides.com\/fr\/tour\/visite-santa-cruz-et-flamenco\/\" \/>\n<meta property=\"og:locale\" content=\"fr_FR\" \/>\n<meta property=\"og:type\" content=\"article\" \/>\n<meta property=\"og:title\" content=\"Visite priv\u00e9e du quartier de Santa Cruz et du flamenco | All sevilla tours\" \/>\n<meta property=\"og:description\" content=\"Lors de la Visite Santa Cruz et flamenco, nous nous prom\u00e8nerons au coucher du soleil dans Santa Cruz et d&#039;un v\u00e9ritable spectacle de flamenco\" \/>\n<meta property=\"og:url\" content=\"https:\/\/allsevillaguides.com\/fr\/tour\/visite-santa-cruz-et-flamenco\/\" \/>\n<meta property=\"og:site_name\" content=\"All sevilla tours\" \/>\n<meta property=\"article:publisher\" content=\"https:\/\/www.facebook.com\/AllSevillaTours\/?ref=aymt_homepage_panel\" \/>\n<meta property=\"article:modified_time\" content=\"2026-03-10T13:28:07+00:00\" \/>\n<meta property=\"og:image\" content=\"https:\/\/allsevillaguides.com\/wp-content\/uploads\/2025\/12\/flamenco.webp\" \/>\n\t<meta property=\"og:image:width\" content=\"1181\" \/>\n\t<meta property=\"og:image:height\" content=\"787\" \/>\n\t<meta property=\"og:image:type\" content=\"image\/webp\" \/>\n<meta name=\"twitter:card\" content=\"summary_large_image\" \/>\n<meta name=\"twitter:site\" content=\"@AllSevillaTours\" \/>\n<meta name=\"twitter:label1\" content=\"Dur\u00e9e de lecture estim\u00e9e\" \/>\n\t<meta name=\"twitter:data1\" content=\"3 minutes\" \/>\n<script type=\"application\/ld+json\" class=\"yoast-schema-graph\">{\"@context\":\"https:\\\/\\\/schema.org\",\"@graph\":[{\"@type\":\"WebPage\",\"@id\":\"https:\\\/\\\/allsevillaguides.com\\\/fr\\\/tour\\\/visite-santa-cruz-et-flamenco\\\/\",\"url\":\"https:\\\/\\\/allsevillaguides.com\\\/fr\\\/tour\\\/visite-santa-cruz-et-flamenco\\\/\",\"name\":\"Visite priv\u00e9e du quartier de Santa Cruz et du flamenco | All sevilla tours\",\"isPartOf\":{\"@id\":\"https:\\\/\\\/allsevillaguides.com\\\/fr\\\/#website\"},\"primaryImageOfPage\":{\"@id\":\"https:\\\/\\\/allsevillaguides.com\\\/fr\\\/tour\\\/visite-santa-cruz-et-flamenco\\\/#primaryimage\"},\"image\":{\"@id\":\"https:\\\/\\\/allsevillaguides.com\\\/fr\\\/tour\\\/visite-santa-cruz-et-flamenco\\\/#primaryimage\"},\"thumbnailUrl\":\"https:\\\/\\\/allsevillaguides.com\\\/wp-content\\\/uploads\\\/2025\\\/12\\\/flamenco.webp\",\"datePublished\":\"2025-12-22T17:26:15+00:00\",\"dateModified\":\"2026-03-10T13:28:07+00:00\",\"description\":\"Lors de la Visite Santa Cruz et flamenco, nous nous prom\u00e8nerons au coucher du soleil dans Santa Cruz et d'un v\u00e9ritable spectacle de flamenco\",\"breadcrumb\":{\"@id\":\"https:\\\/\\\/allsevillaguides.com\\\/fr\\\/tour\\\/visite-santa-cruz-et-flamenco\\\/#breadcrumb\"},\"inLanguage\":\"fr-FR\",\"potentialAction\":[{\"@type\":\"ReadAction\",\"target\":[\"https:\\\/\\\/allsevillaguides.com\\\/fr\\\/tour\\\/visite-santa-cruz-et-flamenco\\\/\"]}]},{\"@type\":\"ImageObject\",\"inLanguage\":\"fr-FR\",\"@id\":\"https:\\\/\\\/allsevillaguides.com\\\/fr\\\/tour\\\/visite-santa-cruz-et-flamenco\\\/#primaryimage\",\"url\":\"https:\\\/\\\/allsevillaguides.com\\\/wp-content\\\/uploads\\\/2025\\\/12\\\/flamenco.webp\",\"contentUrl\":\"https:\\\/\\\/allsevillaguides.com\\\/wp-content\\\/uploads\\\/2025\\\/12\\\/flamenco.webp\",\"width\":1181,\"height\":787,\"caption\":\"The best private tour in Seville to know obout flamenco and Santa Cruz\"},{\"@type\":\"BreadcrumbList\",\"@id\":\"https:\\\/\\\/allsevillaguides.com\\\/fr\\\/tour\\\/visite-santa-cruz-et-flamenco\\\/#breadcrumb\",\"itemListElement\":[{\"@type\":\"ListItem\",\"position\":1,\"name\":\"Portada\",\"item\":\"https:\\\/\\\/allsevillaguides.com\\\/fr\\\/\"},{\"@type\":\"ListItem\",\"position\":2,\"name\":\"Visite priv\u00e9e du quartier de Santa Cruz et du flamenco\"}]},{\"@type\":\"WebSite\",\"@id\":\"https:\\\/\\\/allsevillaguides.com\\\/fr\\\/#website\",\"url\":\"https:\\\/\\\/allsevillaguides.com\\\/fr\\\/\",\"name\":\"Allsevillaguides.com\",\"description\":\"Visitas guiadas y experiencias \u00fanicas en Sevilla, Espa\u00f1a\",\"publisher\":{\"@id\":\"https:\\\/\\\/allsevillaguides.com\\\/fr\\\/#organization\"},\"alternateName\":\"All Sevilla Guides\",\"potentialAction\":[{\"@type\":\"SearchAction\",\"target\":{\"@type\":\"EntryPoint\",\"urlTemplate\":\"https:\\\/\\\/allsevillaguides.com\\\/fr\\\/?s={search_term_string}\"},\"query-input\":{\"@type\":\"PropertyValueSpecification\",\"valueRequired\":true,\"valueName\":\"search_term_string\"}}],\"inLanguage\":\"fr-FR\"},{\"@type\":\"Organization\",\"@id\":\"https:\\\/\\\/allsevillaguides.com\\\/fr\\\/#organization\",\"name\":\"All Sevilla Tours\",\"alternateName\":\"All Sevilla Guides\",\"url\":\"https:\\\/\\\/allsevillaguides.com\\\/fr\\\/\",\"logo\":{\"@type\":\"ImageObject\",\"inLanguage\":\"fr-FR\",\"@id\":\"https:\\\/\\\/allsevillaguides.com\\\/fr\\\/#\\\/schema\\\/logo\\\/image\\\/\",\"url\":\"https:\\\/\\\/allsevillaguides.com\\\/wp-content\\\/uploads\\\/2025\\\/12\\\/LOGO-PINK.svg\",\"contentUrl\":\"https:\\\/\\\/allsevillaguides.com\\\/wp-content\\\/uploads\\\/2025\\\/12\\\/LOGO-PINK.svg\",\"caption\":\"All Sevilla Tours\"},\"image\":{\"@id\":\"https:\\\/\\\/allsevillaguides.com\\\/fr\\\/#\\\/schema\\\/logo\\\/image\\\/\"},\"sameAs\":[\"https:\\\/\\\/www.facebook.com\\\/AllSevillaTours\\\/?ref=aymt_homepage_panel\",\"https:\\\/\\\/x.com\\\/AllSevillaTours\",\"https:\\\/\\\/www.instagram.com\\\/all.sevilla.tours\\\/\",\"https:\\\/\\\/www.youtube.com\\\/channel\\\/UCud-_NKc0HV8USIsOk5R1qw?disable_polymer=true\"]}]}<\/script>\n<!-- \/ Yoast SEO plugin. -->","yoast_head_json":{"title":"Visite priv\u00e9e du quartier de Santa Cruz et du flamenco | All sevilla tours","description":"Lors de la Visite Santa Cruz et flamenco, nous nous prom\u00e8nerons au coucher du soleil dans Santa Cruz et d'un v\u00e9ritable spectacle de flamenco","robots":{"index":"index","follow":"follow","max-snippet":"max-snippet:-1","max-image-preview":"max-image-preview:large","max-video-preview":"max-video-preview:-1"},"canonical":"https:\/\/allsevillaguides.com\/fr\/tour\/visite-santa-cruz-et-flamenco\/","og_locale":"fr_FR","og_type":"article","og_title":"Visite priv\u00e9e du quartier de Santa Cruz et du flamenco | All sevilla tours","og_description":"Lors de la Visite Santa Cruz et flamenco, nous nous prom\u00e8nerons au coucher du soleil dans Santa Cruz et d'un v\u00e9ritable spectacle de flamenco","og_url":"https:\/\/allsevillaguides.com\/fr\/tour\/visite-santa-cruz-et-flamenco\/","og_site_name":"All sevilla tours","article_publisher":"https:\/\/www.facebook.com\/AllSevillaTours\/?ref=aymt_homepage_panel","article_modified_time":"2026-03-10T13:28:07+00:00","og_image":[{"width":1181,"height":787,"url":"https:\/\/allsevillaguides.com\/wp-content\/uploads\/2025\/12\/flamenco.webp","type":"image\/webp"}],"twitter_card":"summary_large_image","twitter_site":"@AllSevillaTours","twitter_misc":{"Dur\u00e9e de lecture estim\u00e9e":"3 minutes"},"schema":{"@context":"https:\/\/schema.org","@graph":[{"@type":"WebPage","@id":"https:\/\/allsevillaguides.com\/fr\/tour\/visite-santa-cruz-et-flamenco\/","url":"https:\/\/allsevillaguides.com\/fr\/tour\/visite-santa-cruz-et-flamenco\/","name":"Visite priv\u00e9e du quartier de Santa Cruz et du flamenco | All sevilla tours","isPartOf":{"@id":"https:\/\/allsevillaguides.com\/fr\/#website"},"primaryImageOfPage":{"@id":"https:\/\/allsevillaguides.com\/fr\/tour\/visite-santa-cruz-et-flamenco\/#primaryimage"},"image":{"@id":"https:\/\/allsevillaguides.com\/fr\/tour\/visite-santa-cruz-et-flamenco\/#primaryimage"},"thumbnailUrl":"https:\/\/allsevillaguides.com\/wp-content\/uploads\/2025\/12\/flamenco.webp","datePublished":"2025-12-22T17:26:15+00:00","dateModified":"2026-03-10T13:28:07+00:00","description":"Lors de la Visite Santa Cruz et flamenco, nous nous prom\u00e8nerons au coucher du soleil dans Santa Cruz et d'un v\u00e9ritable spectacle de flamenco","breadcrumb":{"@id":"https:\/\/allsevillaguides.com\/fr\/tour\/visite-santa-cruz-et-flamenco\/#breadcrumb"},"inLanguage":"fr-FR","potentialAction":[{"@type":"ReadAction","target":["https:\/\/allsevillaguides.com\/fr\/tour\/visite-santa-cruz-et-flamenco\/"]}]},{"@type":"ImageObject","inLanguage":"fr-FR","@id":"https:\/\/allsevillaguides.com\/fr\/tour\/visite-santa-cruz-et-flamenco\/#primaryimage","url":"https:\/\/allsevillaguides.com\/wp-content\/uploads\/2025\/12\/flamenco.webp","contentUrl":"https:\/\/allsevillaguides.com\/wp-content\/uploads\/2025\/12\/flamenco.webp","width":1181,"height":787,"caption":"The best private tour in Seville to know obout flamenco and Santa Cruz"},{"@type":"BreadcrumbList","@id":"https:\/\/allsevillaguides.com\/fr\/tour\/visite-santa-cruz-et-flamenco\/#breadcrumb","itemListElement":[{"@type":"ListItem","position":1,"name":"Portada","item":"https:\/\/allsevillaguides.com\/fr\/"},{"@type":"ListItem","position":2,"name":"Visite priv\u00e9e du quartier de Santa Cruz et du flamenco"}]},{"@type":"WebSite","@id":"https:\/\/allsevillaguides.com\/fr\/#website","url":"https:\/\/allsevillaguides.com\/fr\/","name":"Allsevillaguides.com","description":"Visitas guiadas y experiencias \u00fanicas en Sevilla, Espa\u00f1a","publisher":{"@id":"https:\/\/allsevillaguides.com\/fr\/#organization"},"alternateName":"All Sevilla Guides","potentialAction":[{"@type":"SearchAction","target":{"@type":"EntryPoint","urlTemplate":"https:\/\/allsevillaguides.com\/fr\/?s={search_term_string}"},"query-input":{"@type":"PropertyValueSpecification","valueRequired":true,"valueName":"search_term_string"}}],"inLanguage":"fr-FR"},{"@type":"Organization","@id":"https:\/\/allsevillaguides.com\/fr\/#organization","name":"All Sevilla Tours","alternateName":"All Sevilla Guides","url":"https:\/\/allsevillaguides.com\/fr\/","logo":{"@type":"ImageObject","inLanguage":"fr-FR","@id":"https:\/\/allsevillaguides.com\/fr\/#\/schema\/logo\/image\/","url":"https:\/\/allsevillaguides.com\/wp-content\/uploads\/2025\/12\/LOGO-PINK.svg","contentUrl":"https:\/\/allsevillaguides.com\/wp-content\/uploads\/2025\/12\/LOGO-PINK.svg","caption":"All Sevilla Tours"},"image":{"@id":"https:\/\/allsevillaguides.com\/fr\/#\/schema\/logo\/image\/"},"sameAs":["https:\/\/www.facebook.com\/AllSevillaTours\/?ref=aymt_homepage_panel","https:\/\/x.com\/AllSevillaTours","https:\/\/www.instagram.com\/all.sevilla.tours\/","https:\/\/www.youtube.com\/channel\/UCud-_NKc0HV8USIsOk5R1qw?disable_polymer=true"]}]}},"_links":{"self":[{"href":"https:\/\/allsevillaguides.com\/fr\/wp-json\/wp\/v2\/tour\/201","targetHints":{"allow":["GET"]}}],"collection":[{"href":"https:\/\/allsevillaguides.com\/fr\/wp-json\/wp\/v2\/tour"}],"about":[{"href":"https:\/\/allsevillaguides.com\/fr\/wp-json\/wp\/v2\/types\/tour"}],"wp:featuredmedia":[{"embeddable":true,"href":"https:\/\/allsevillaguides.com\/fr\/wp-json\/wp\/v2\/media\/257"}],"wp:attachment":[{"href":"https:\/\/allsevillaguides.com\/fr\/wp-json\/wp\/v2\/media?parent=201"}],"wp:term":[{"taxonomy":"tour_facility","embeddable":true,"href":"https:\/\/allsevillaguides.com\/fr\/wp-json\/wp\/v2\/tour_facility?post=201"},{"taxonomy":"tour_type","embeddable":true,"href":"https:\/\/allsevillaguides.com\/fr\/wp-json\/wp\/v2\/tour_type?post=201"}],"curies":[{"name":"wp","href":"https:\/\/api.w.org\/{rel}","templated":true}]}}