{"id":1886,"date":"2026-04-16T18:02:58","date_gmt":"2026-04-16T18:02:58","guid":{"rendered":"https:\/\/allsevillaguides.com\/tour\/visite-privee-du-quartier-juif-et-de-la-mosquee-cathedrale-de-cordoue\/"},"modified":"2026-04-29T15:49:15","modified_gmt":"2026-04-29T15:49:15","slug":"visite-privee-du-quartier-juif-et-de-la-mosquee-cathedrale-de-cordoue","status":"publish","type":"tour","link":"https:\/\/allsevillaguides.com\/fr\/tour\/visite-privee-du-quartier-juif-et-de-la-mosquee-cathedrale-de-cordoue\/","title":{"rendered":"Visite Priv\u00e9e du Quartier Juif et de la Mosqu\u00e9e-Cath\u00e9drale de Cordoue"},"content":{"rendered":"\n<p>Notre visite priv\u00e9e du quartier juif et de la Mosqu\u00e9e-Cath\u00e9drale de Cordoue vous invite \u00e0 explorer deux des sites du Patrimoine mondial de l&rsquo;UNESCO les plus remarquables d&rsquo;Andalousie, accompagn\u00e9 d&rsquo;un guide officiel expert.<\/p>\n\n\n\n<p>Au cours de cette visite priv\u00e9e guid\u00e9e de 3 heures \u00e0 Cordoue, vous d\u00e9couvrirez l&rsquo;histoire fascinante de l&rsquo;un des centres culturels les plus importants de l&rsquo;Europe m\u00e9di\u00e9vale.<\/p>\n\n\n\n<p>Le charmant quartier juif de Cordoue est un labyrinthe de ruelles \u00e9troites, de patios cach\u00e9s et de b\u00e2timents historiques qui formaient autrefois le c\u0153ur d&rsquo;une communaut\u00e9 s\u00e9farade florissante. \u00c0 quelques pas se dresse l&rsquo;extraordinaire Mosqu\u00e9e-Cath\u00e9drale de Cordoue, l&rsquo;un des monuments les plus embl\u00e9matiques d&rsquo;Espagne et un chef-d&rsquo;\u0153uvre de l&rsquo;architecture islamique et chr\u00e9tienne.<\/p>\n\n\n\n<p>Ensemble, ces monuments r\u00e9v\u00e8lent pourquoi Cordoue est consid\u00e9r\u00e9e comme l&rsquo;une des villes les plus captivantes \u00e0 visiter en Andalousie.<\/p>\n\n\n\n<h2 class=\"wp-block-heading\"><strong>D\u00e9couvrez Cordoue avec un Guide Local Priv\u00e9<\/strong><\/h2>\n\n\n\n<p>Votre guide priv\u00e9 \u00e0 Cordoue vous accompagnera tout au long de l&rsquo;exp\u00e9rience, en vous proposant des explications approfondies sur l&rsquo;histoire unique, l&rsquo;architecture et le patrimoine culturel de la ville.<\/p>\n\n\n\n<p>Avec un guide passionn\u00e9 et attentif, d\u00e9di\u00e9 exclusivement \u00e0 votre groupe, vous comprendrez en profondeur comment Cordoue est devenue l&rsquo;une des villes les plus influentes du monde m\u00e9diterran\u00e9en aux Xe et XIe si\u00e8cles.<\/p>\n\n\n\n<p>Capitale d&rsquo;Al-Andalus, Cordoue \u00e9tait un centre du savoir, de la culture et de l&rsquo;innovation qui attirait des \u00e9rudits, des artistes et des philosophes de toute l&rsquo;Europe et du Moyen-Orient.<\/p>\n\n\n\n<h2 class=\"wp-block-heading\"><strong>Un Voyage \u00e0 Travers les Trois Cultures de Cordoue<\/strong><\/h2>\n\n\n\n<p>Au cours de votre visite priv\u00e9e \u00e0 pied de Cordoue, vous traverserez des si\u00e8cles d&rsquo;histoire, depuis la fondation romaine de la ville au Ier si\u00e8cle avant J.-C. jusqu&rsquo;\u00e0 la p\u00e9riode m\u00e9di\u00e9vale.<\/p>\n\n\n\n<p>\u00c0 cette \u00e9poque, Cordoue est devenue un lieu o\u00f9 juifs, musulmans et chr\u00e9tiens coexistaient, cr\u00e9ant un environnement intellectuel vibrant qui a fa\u00e7onn\u00e9 l&rsquo;identit\u00e9 culturelle de la ville.<\/p>\n\n\n\n<p>L&rsquo;une des figures les plus c\u00e9l\u00e8bres n\u00e9es ici fut le philosophe et m\u00e9decin juif Ma\u00efmonide, dont les id\u00e9es ont influenc\u00e9 \u00e0 la fois la pens\u00e9e juive et la pens\u00e9e occidentale au Moyen \u00c2ge.<\/p>\n\n\n\n<p>Votre guide donnera vie \u00e0 ces histoires tandis que vous vous prom\u00e8nerez dans les rues historiques du quartier juif.<\/p>\n\n\n\n<h2 class=\"wp-block-heading\"><strong>Les Incontournables du Tour du Quartier Juif et de la Mosqu\u00e9e de Cordoue<\/strong><\/h2>\n\n\n\n<p>Cette visite culturelle \u00e0 pied de Cordoue comprend certains des monuments historiques les plus importants de la ville :<\/p>\n\n\n\n<p><strong>Mosqu\u00e9e-Cath\u00e9drale de Cordoue<\/strong><\/p>\n\n\n\n<p>La Grande Mosqu\u00e9e de Cordoue est l&rsquo;un des monuments architecturaux les plus impressionnants d&rsquo;Europe. Lors de la visite guid\u00e9e, vous d\u00e9couvrirez le symbolisme de sa c\u00e9l\u00e8bre for\u00eat d&rsquo;arcs, les extensions successives du b\u00e2timent et la transformation qui s&rsquo;est op\u00e9r\u00e9e lorsqu&rsquo;une cath\u00e9drale a \u00e9t\u00e9 \u00e9difi\u00e9e \u00e0 l&rsquo;int\u00e9rieur de la mosqu\u00e9e.<\/p>\n\n\n\n<p><strong>Synagogue de Cordoue<\/strong><\/p>\n\n\n\n<p>Situ\u00e9e au c\u0153ur du quartier juif, la Synagogue de Cordoue est l&rsquo;une des rares synagogues m\u00e9di\u00e9vales conserv\u00e9es en Espagne. La visiter vous permettra de comprendre l&rsquo;histoire et l&rsquo;h\u00e9ritage de la communaut\u00e9 juive s\u00e9farade qui a prosp\u00e9r\u00e9 dans la ville.<\/p>\n\n\n\n<p><strong>Chapelle Saint-Barth\u00e9lemy<\/strong><\/p>\n\n\n\n<p>Cette belle chapelle m\u00e9di\u00e9vale refl\u00e8te la transition artistique qui a eu lieu \u00e0 Cordoue apr\u00e8s les \u00e9v\u00e9nements de 1391, lorsque le quartier juif a \u00e9t\u00e9 transform\u00e9 et repeupl\u00e9 par des familles chr\u00e9tiennes influenc\u00e9es par les traditions artistiques islamiques.<\/p>\n\n\n\n<p>Ensemble, ces monuments offrent un \u00e9clairage puissant sur les couches culturelles et historiques qui d\u00e9finissent Cordoue aujourd&rsquo;hui.<\/p>\n\n\n\n<h2 class=\"wp-block-heading\"><strong>D\u00e9tails de la Visite<\/strong><\/h2>\n\n\n\n<p><strong>Dur\u00e9e: <\/strong>Environ 3 heures. Un d\u00e9part en matin\u00e9e entre 10h00 et 13h00 est recommand\u00e9, bien que d&rsquo;autres horaires puissent \u00eatre arrang\u00e9s.<\/p>\n\n\n\n<p><strong>Disponibilit\u00e9: <\/strong>Visites quotidiennes du lundi au dimanche.<\/p>\n\n\n\n<p><strong>Taille du groupe: <\/strong>Visite priv\u00e9e pour 1 \u00e0 8 participants.<\/p>\n\n\n\n<p><strong>Point de rendez-vous: <\/strong>Pr\u00e8s du clocher de la Mosqu\u00e9e-Cath\u00e9drale. La prise en charge \u00e0 l&rsquo;h\u00f4tel \u00e0 Cordoue est disponible sur demande. Si vous arrivez en train, votre guide peut \u00e9galement vous accueillir \u00e0 la gare de Cordoue.<\/p>\n\n\n\n<p><strong>Tarifs: <\/strong>\u00c0 partir de 70 \u20ac par personne (TVA incluse) pour un groupe de huit participants.<\/p>\n","protected":false},"featured_media":1885,"template":"","meta":{"_acf_changed":false},"tour_facility":[],"tour_type":[196],"class_list":["post-1886","tour","type-tour","status-publish","has-post-thumbnail","hentry","tour_type-visites-personnalisees"],"acf":[],"yoast_head":"<!-- This site is optimized with the Yoast SEO plugin v27.5 - https:\/\/yoast.com\/product\/yoast-seo-wordpress\/ -->\n<title>Visite Priv\u00e9e du Quartier Juif et de la Mosqu\u00e9e-Cath\u00e9drale de Cordoue | All sevilla Guides<\/title>\n<meta name=\"description\" content=\"Visite priv\u00e9e de 3 heures du quartier juif et de la mosqu\u00e9e-cath\u00e9drale de Cordoue. Guide expert, synagogue m\u00e9di\u00e9vale et histoire des trois cultures d&#039;Andalousie.\" \/>\n<meta name=\"robots\" content=\"index, follow, max-snippet:-1, max-image-preview:large, max-video-preview:-1\" \/>\n<link rel=\"canonical\" href=\"https:\/\/allsevillaguides.com\/fr\/tour\/visite-privee-du-quartier-juif-et-de-la-mosquee-cathedrale-de-cordoue\/\" \/>\n<meta property=\"og:locale\" content=\"fr_FR\" \/>\n<meta property=\"og:type\" content=\"article\" \/>\n<meta property=\"og:title\" content=\"Visite Priv\u00e9e du Quartier Juif et de la Mosqu\u00e9e-Cath\u00e9drale de Cordoue | All sevilla Guides\" \/>\n<meta property=\"og:description\" content=\"Visite priv\u00e9e de 3 heures du quartier juif et de la mosqu\u00e9e-cath\u00e9drale de Cordoue. Guide expert, synagogue m\u00e9di\u00e9vale et histoire des trois cultures d&#039;Andalousie.\" \/>\n<meta property=\"og:url\" content=\"https:\/\/allsevillaguides.com\/fr\/tour\/visite-privee-du-quartier-juif-et-de-la-mosquee-cathedrale-de-cordoue\/\" \/>\n<meta property=\"og:site_name\" content=\"All sevilla Guides\" \/>\n<meta property=\"article:publisher\" content=\"https:\/\/www.facebook.com\/AllSevillaTours\/?ref=aymt_homepage_panel\" \/>\n<meta property=\"article:modified_time\" content=\"2026-04-29T15:49:15+00:00\" \/>\n<meta property=\"og:image\" content=\"https:\/\/allsevillaguides.com\/wp-content\/uploads\/2026\/04\/1-Tour-Privado-por-la-Juderia-y-la-Mezquita-Catedral-de-Cordoba.webp\" \/>\n\t<meta property=\"og:image:width\" content=\"1152\" \/>\n\t<meta property=\"og:image:height\" content=\"864\" \/>\n\t<meta property=\"og:image:type\" content=\"image\/webp\" \/>\n<meta name=\"twitter:card\" content=\"summary_large_image\" \/>\n<meta name=\"twitter:site\" content=\"@AllSevillaTours\" \/>\n<meta name=\"twitter:label1\" content=\"Dur\u00e9e de lecture estim\u00e9e\" \/>\n\t<meta name=\"twitter:data1\" content=\"5 minutes\" \/>\n<script type=\"application\/ld+json\" class=\"yoast-schema-graph\">{\"@context\":\"https:\\\/\\\/schema.org\",\"@graph\":[{\"@type\":\"WebPage\",\"@id\":\"https:\\\/\\\/allsevillaguides.com\\\/fr\\\/tour\\\/visite-privee-du-quartier-juif-et-de-la-mosquee-cathedrale-de-cordoue\\\/\",\"url\":\"https:\\\/\\\/allsevillaguides.com\\\/fr\\\/tour\\\/visite-privee-du-quartier-juif-et-de-la-mosquee-cathedrale-de-cordoue\\\/\",\"name\":\"Visite Priv\u00e9e du Quartier Juif et de la Mosqu\u00e9e-Cath\u00e9drale de Cordoue | All sevilla Guides\",\"isPartOf\":{\"@id\":\"https:\\\/\\\/allsevillaguides.com\\\/fr\\\/#website\"},\"primaryImageOfPage\":{\"@id\":\"https:\\\/\\\/allsevillaguides.com\\\/fr\\\/tour\\\/visite-privee-du-quartier-juif-et-de-la-mosquee-cathedrale-de-cordoue\\\/#primaryimage\"},\"image\":{\"@id\":\"https:\\\/\\\/allsevillaguides.com\\\/fr\\\/tour\\\/visite-privee-du-quartier-juif-et-de-la-mosquee-cathedrale-de-cordoue\\\/#primaryimage\"},\"thumbnailUrl\":\"https:\\\/\\\/allsevillaguides.com\\\/wp-content\\\/uploads\\\/2026\\\/04\\\/1-Tour-Privado-por-la-Juderia-y-la-Mezquita-Catedral-de-Cordoba.webp\",\"datePublished\":\"2026-04-16T18:02:58+00:00\",\"dateModified\":\"2026-04-29T15:49:15+00:00\",\"description\":\"Visite priv\u00e9e de 3 heures du quartier juif et de la mosqu\u00e9e-cath\u00e9drale de Cordoue. Guide expert, synagogue m\u00e9di\u00e9vale et histoire des trois cultures d'Andalousie.\",\"breadcrumb\":{\"@id\":\"https:\\\/\\\/allsevillaguides.com\\\/fr\\\/tour\\\/visite-privee-du-quartier-juif-et-de-la-mosquee-cathedrale-de-cordoue\\\/#breadcrumb\"},\"inLanguage\":\"fr-FR\",\"potentialAction\":[{\"@type\":\"ReadAction\",\"target\":[\"https:\\\/\\\/allsevillaguides.com\\\/fr\\\/tour\\\/visite-privee-du-quartier-juif-et-de-la-mosquee-cathedrale-de-cordoue\\\/\"]}]},{\"@type\":\"ImageObject\",\"inLanguage\":\"fr-FR\",\"@id\":\"https:\\\/\\\/allsevillaguides.com\\\/fr\\\/tour\\\/visite-privee-du-quartier-juif-et-de-la-mosquee-cathedrale-de-cordoue\\\/#primaryimage\",\"url\":\"https:\\\/\\\/allsevillaguides.com\\\/wp-content\\\/uploads\\\/2026\\\/04\\\/1-Tour-Privado-por-la-Juderia-y-la-Mezquita-Catedral-de-Cordoba.webp\",\"contentUrl\":\"https:\\\/\\\/allsevillaguides.com\\\/wp-content\\\/uploads\\\/2026\\\/04\\\/1-Tour-Privado-por-la-Juderia-y-la-Mezquita-Catedral-de-Cordoba.webp\",\"width\":1152,\"height\":864,\"caption\":\"Un groupe de touristes accompagn\u00e9s d'un guide \u00e0 l'int\u00e9rieur de la mosqu\u00e9e-cath\u00e9drale de Cordoue, admirant ses arcades et son architecture historique.\"},{\"@type\":\"BreadcrumbList\",\"@id\":\"https:\\\/\\\/allsevillaguides.com\\\/fr\\\/tour\\\/visite-privee-du-quartier-juif-et-de-la-mosquee-cathedrale-de-cordoue\\\/#breadcrumb\",\"itemListElement\":[{\"@type\":\"ListItem\",\"position\":1,\"name\":\"Portada\",\"item\":\"https:\\\/\\\/allsevillaguides.com\\\/fr\\\/\"},{\"@type\":\"ListItem\",\"position\":2,\"name\":\"Visite Priv\u00e9e du Quartier Juif et de la Mosqu\u00e9e-Cath\u00e9drale de Cordoue\"}]},{\"@type\":\"WebSite\",\"@id\":\"https:\\\/\\\/allsevillaguides.com\\\/fr\\\/#website\",\"url\":\"https:\\\/\\\/allsevillaguides.com\\\/fr\\\/\",\"name\":\"Allsevillaguides.com\",\"description\":\"Visitas guiadas y experiencias \u00fanicas en Sevilla, Espa\u00f1a\",\"publisher\":{\"@id\":\"https:\\\/\\\/allsevillaguides.com\\\/fr\\\/#organization\"},\"alternateName\":\"All Sevilla Guides\",\"potentialAction\":[{\"@type\":\"SearchAction\",\"target\":{\"@type\":\"EntryPoint\",\"urlTemplate\":\"https:\\\/\\\/allsevillaguides.com\\\/fr\\\/?s={search_term_string}\"},\"query-input\":{\"@type\":\"PropertyValueSpecification\",\"valueRequired\":true,\"valueName\":\"search_term_string\"}}],\"inLanguage\":\"fr-FR\"},{\"@type\":\"Organization\",\"@id\":\"https:\\\/\\\/allsevillaguides.com\\\/fr\\\/#organization\",\"name\":\"All Sevilla Tours\",\"alternateName\":\"All Sevilla Guides\",\"url\":\"https:\\\/\\\/allsevillaguides.com\\\/fr\\\/\",\"logo\":{\"@type\":\"ImageObject\",\"inLanguage\":\"fr-FR\",\"@id\":\"https:\\\/\\\/allsevillaguides.com\\\/fr\\\/#\\\/schema\\\/logo\\\/image\\\/\",\"url\":\"https:\\\/\\\/allsevillaguides.com\\\/wp-content\\\/uploads\\\/2025\\\/12\\\/LOGO-PINK.svg\",\"contentUrl\":\"https:\\\/\\\/allsevillaguides.com\\\/wp-content\\\/uploads\\\/2025\\\/12\\\/LOGO-PINK.svg\",\"caption\":\"All Sevilla Tours\"},\"image\":{\"@id\":\"https:\\\/\\\/allsevillaguides.com\\\/fr\\\/#\\\/schema\\\/logo\\\/image\\\/\"},\"sameAs\":[\"https:\\\/\\\/www.facebook.com\\\/AllSevillaTours\\\/?ref=aymt_homepage_panel\",\"https:\\\/\\\/x.com\\\/AllSevillaTours\",\"https:\\\/\\\/www.instagram.com\\\/all.sevilla.tours\\\/\",\"https:\\\/\\\/www.youtube.com\\\/channel\\\/UCud-_NKc0HV8USIsOk5R1qw?disable_polymer=true\"]}]}<\/script>\n<!-- \/ Yoast SEO plugin. -->","yoast_head_json":{"title":"Visite Priv\u00e9e du Quartier Juif et de la Mosqu\u00e9e-Cath\u00e9drale de Cordoue | All sevilla Guides","description":"Visite priv\u00e9e de 3 heures du quartier juif et de la mosqu\u00e9e-cath\u00e9drale de Cordoue. Guide expert, synagogue m\u00e9di\u00e9vale et histoire des trois cultures d'Andalousie.","robots":{"index":"index","follow":"follow","max-snippet":"max-snippet:-1","max-image-preview":"max-image-preview:large","max-video-preview":"max-video-preview:-1"},"canonical":"https:\/\/allsevillaguides.com\/fr\/tour\/visite-privee-du-quartier-juif-et-de-la-mosquee-cathedrale-de-cordoue\/","og_locale":"fr_FR","og_type":"article","og_title":"Visite Priv\u00e9e du Quartier Juif et de la Mosqu\u00e9e-Cath\u00e9drale de Cordoue | All sevilla Guides","og_description":"Visite priv\u00e9e de 3 heures du quartier juif et de la mosqu\u00e9e-cath\u00e9drale de Cordoue. Guide expert, synagogue m\u00e9di\u00e9vale et histoire des trois cultures d'Andalousie.","og_url":"https:\/\/allsevillaguides.com\/fr\/tour\/visite-privee-du-quartier-juif-et-de-la-mosquee-cathedrale-de-cordoue\/","og_site_name":"All sevilla Guides","article_publisher":"https:\/\/www.facebook.com\/AllSevillaTours\/?ref=aymt_homepage_panel","article_modified_time":"2026-04-29T15:49:15+00:00","og_image":[{"width":1152,"height":864,"url":"https:\/\/allsevillaguides.com\/wp-content\/uploads\/2026\/04\/1-Tour-Privado-por-la-Juderia-y-la-Mezquita-Catedral-de-Cordoba.webp","type":"image\/webp"}],"twitter_card":"summary_large_image","twitter_site":"@AllSevillaTours","twitter_misc":{"Dur\u00e9e de lecture estim\u00e9e":"5 minutes"},"schema":{"@context":"https:\/\/schema.org","@graph":[{"@type":"WebPage","@id":"https:\/\/allsevillaguides.com\/fr\/tour\/visite-privee-du-quartier-juif-et-de-la-mosquee-cathedrale-de-cordoue\/","url":"https:\/\/allsevillaguides.com\/fr\/tour\/visite-privee-du-quartier-juif-et-de-la-mosquee-cathedrale-de-cordoue\/","name":"Visite Priv\u00e9e du Quartier Juif et de la Mosqu\u00e9e-Cath\u00e9drale de Cordoue | All sevilla Guides","isPartOf":{"@id":"https:\/\/allsevillaguides.com\/fr\/#website"},"primaryImageOfPage":{"@id":"https:\/\/allsevillaguides.com\/fr\/tour\/visite-privee-du-quartier-juif-et-de-la-mosquee-cathedrale-de-cordoue\/#primaryimage"},"image":{"@id":"https:\/\/allsevillaguides.com\/fr\/tour\/visite-privee-du-quartier-juif-et-de-la-mosquee-cathedrale-de-cordoue\/#primaryimage"},"thumbnailUrl":"https:\/\/allsevillaguides.com\/wp-content\/uploads\/2026\/04\/1-Tour-Privado-por-la-Juderia-y-la-Mezquita-Catedral-de-Cordoba.webp","datePublished":"2026-04-16T18:02:58+00:00","dateModified":"2026-04-29T15:49:15+00:00","description":"Visite priv\u00e9e de 3 heures du quartier juif et de la mosqu\u00e9e-cath\u00e9drale de Cordoue. Guide expert, synagogue m\u00e9di\u00e9vale et histoire des trois cultures d'Andalousie.","breadcrumb":{"@id":"https:\/\/allsevillaguides.com\/fr\/tour\/visite-privee-du-quartier-juif-et-de-la-mosquee-cathedrale-de-cordoue\/#breadcrumb"},"inLanguage":"fr-FR","potentialAction":[{"@type":"ReadAction","target":["https:\/\/allsevillaguides.com\/fr\/tour\/visite-privee-du-quartier-juif-et-de-la-mosquee-cathedrale-de-cordoue\/"]}]},{"@type":"ImageObject","inLanguage":"fr-FR","@id":"https:\/\/allsevillaguides.com\/fr\/tour\/visite-privee-du-quartier-juif-et-de-la-mosquee-cathedrale-de-cordoue\/#primaryimage","url":"https:\/\/allsevillaguides.com\/wp-content\/uploads\/2026\/04\/1-Tour-Privado-por-la-Juderia-y-la-Mezquita-Catedral-de-Cordoba.webp","contentUrl":"https:\/\/allsevillaguides.com\/wp-content\/uploads\/2026\/04\/1-Tour-Privado-por-la-Juderia-y-la-Mezquita-Catedral-de-Cordoba.webp","width":1152,"height":864,"caption":"Un groupe de touristes accompagn\u00e9s d'un guide \u00e0 l'int\u00e9rieur de la mosqu\u00e9e-cath\u00e9drale de Cordoue, admirant ses arcades et son architecture historique."},{"@type":"BreadcrumbList","@id":"https:\/\/allsevillaguides.com\/fr\/tour\/visite-privee-du-quartier-juif-et-de-la-mosquee-cathedrale-de-cordoue\/#breadcrumb","itemListElement":[{"@type":"ListItem","position":1,"name":"Portada","item":"https:\/\/allsevillaguides.com\/fr\/"},{"@type":"ListItem","position":2,"name":"Visite Priv\u00e9e du Quartier Juif et de la Mosqu\u00e9e-Cath\u00e9drale de Cordoue"}]},{"@type":"WebSite","@id":"https:\/\/allsevillaguides.com\/fr\/#website","url":"https:\/\/allsevillaguides.com\/fr\/","name":"Allsevillaguides.com","description":"Visitas guiadas y experiencias \u00fanicas en Sevilla, Espa\u00f1a","publisher":{"@id":"https:\/\/allsevillaguides.com\/fr\/#organization"},"alternateName":"All Sevilla Guides","potentialAction":[{"@type":"SearchAction","target":{"@type":"EntryPoint","urlTemplate":"https:\/\/allsevillaguides.com\/fr\/?s={search_term_string}"},"query-input":{"@type":"PropertyValueSpecification","valueRequired":true,"valueName":"search_term_string"}}],"inLanguage":"fr-FR"},{"@type":"Organization","@id":"https:\/\/allsevillaguides.com\/fr\/#organization","name":"All Sevilla Tours","alternateName":"All Sevilla Guides","url":"https:\/\/allsevillaguides.com\/fr\/","logo":{"@type":"ImageObject","inLanguage":"fr-FR","@id":"https:\/\/allsevillaguides.com\/fr\/#\/schema\/logo\/image\/","url":"https:\/\/allsevillaguides.com\/wp-content\/uploads\/2025\/12\/LOGO-PINK.svg","contentUrl":"https:\/\/allsevillaguides.com\/wp-content\/uploads\/2025\/12\/LOGO-PINK.svg","caption":"All Sevilla Tours"},"image":{"@id":"https:\/\/allsevillaguides.com\/fr\/#\/schema\/logo\/image\/"},"sameAs":["https:\/\/www.facebook.com\/AllSevillaTours\/?ref=aymt_homepage_panel","https:\/\/x.com\/AllSevillaTours","https:\/\/www.instagram.com\/all.sevilla.tours\/","https:\/\/www.youtube.com\/channel\/UCud-_NKc0HV8USIsOk5R1qw?disable_polymer=true"]}]}},"_links":{"self":[{"href":"https:\/\/allsevillaguides.com\/fr\/wp-json\/wp\/v2\/tour\/1886","targetHints":{"allow":["GET"]}}],"collection":[{"href":"https:\/\/allsevillaguides.com\/fr\/wp-json\/wp\/v2\/tour"}],"about":[{"href":"https:\/\/allsevillaguides.com\/fr\/wp-json\/wp\/v2\/types\/tour"}],"wp:featuredmedia":[{"embeddable":true,"href":"https:\/\/allsevillaguides.com\/fr\/wp-json\/wp\/v2\/media\/1885"}],"wp:attachment":[{"href":"https:\/\/allsevillaguides.com\/fr\/wp-json\/wp\/v2\/media?parent=1886"}],"wp:term":[{"taxonomy":"tour_facility","embeddable":true,"href":"https:\/\/allsevillaguides.com\/fr\/wp-json\/wp\/v2\/tour_facility?post=1886"},{"taxonomy":"tour_type","embeddable":true,"href":"https:\/\/allsevillaguides.com\/fr\/wp-json\/wp\/v2\/tour_type?post=1886"}],"curies":[{"name":"wp","href":"https:\/\/api.w.org\/{rel}","templated":true}]}}