{"id":1878,"date":"2026-04-16T19:41:10","date_gmt":"2026-04-16T19:41:10","guid":{"rendered":"https:\/\/allsevillaguides.com\/tour\/grand-tour-dandalousie-voyage-culturel-prive-de-9-jours\/"},"modified":"2026-04-29T15:44:58","modified_gmt":"2026-04-29T15:44:58","slug":"grand-tour-dandalousie-voyage-culturel-prive-de-9-jours","status":"publish","type":"tour","link":"https:\/\/allsevillaguides.com\/fr\/tour\/grand-tour-dandalousie-voyage-culturel-prive-de-9-jours\/","title":{"rendered":"Grand Tour d&rsquo;Andalousie | Voyage Culturel Priv\u00e9 de 9 Jours"},"content":{"rendered":"\n<p>Cet itin\u00e9raire de 9 jours en Andalousie a \u00e9t\u00e9 soigneusement con\u00e7u pour les voyageurs qui souhaitent d\u00e9couvrir le sud de l&rsquo;Espagne avec la m\u00eame curiosit\u00e9 et le m\u00eame esprit d&rsquo;exploration qui inspir\u00e8rent les voyageurs romantiques du XIXe si\u00e8cle.<\/p>\n\n\n\n<p>\u00c0 l&rsquo;\u00e9poque du Grand Tour, artistes, \u00e9crivains et explorateurs parcouraient l&rsquo;Andalousie en qu\u00eate d&rsquo;inspiration dans ses paysages, son architecture et sa culture vibrante. Ils \u00e9taient fascin\u00e9s par l&rsquo;authenticit\u00e9 de la r\u00e9gion, son m\u00e9lange de civilisations et les \u00e9motions puissantes que ses villes et ses traditions pouvaient susciter.<\/p>\n\n\n\n<p>Ce tour priv\u00e9 de luxe en Andalousie suit cet esprit de d\u00e9couverte, proposant un voyage \u00e0 travers quelques-unes des destinations les plus extraordinaires du sud de l&rsquo;Espagne.<\/p>\n\n\n\n<p>Tout au long du chemin, vous d\u00e9couvrirez comment des si\u00e8cles d&rsquo;\u00e9changes culturels ont forg\u00e9 l&rsquo;identit\u00e9 unique de l&rsquo;Andalousie, refl\u00e9t\u00e9e dans son architecture, ses paysages, sa gastronomie et ses traditions vivantes.<\/p>\n\n\n\n<h2 class=\"wp-block-heading\"><strong>S\u00e9ville \u2014 Le D\u00e9but du Voyage<\/strong><\/h2>\n\n\n\n<p>Votre voyage culturel en Andalousie commence \u00e0 S\u00e9ville, l&rsquo;une des plus belles villes d&rsquo;Europe et le c\u0153ur historique du sud de l&rsquo;Espagne.<\/p>\n\n\n\n<p>Vous y explorerez de magnifiques monuments, d&rsquo;\u00e9l\u00e9gants quartiers et de vivantes places, tout en d\u00e9couvrant la riche histoire qui a fa\u00e7onn\u00e9 la ville. S\u00e9ville offre la parfaite introduction \u00e0 la culture, l&rsquo;art et l&rsquo;architecture andalous avant de poursuivre le voyage \u00e0 travers la r\u00e9gion.<\/p>\n\n\n\n<h2 class=\"wp-block-heading\"><strong>Jerez et la Gastronomie d&rsquo;Andalousie<\/strong><\/h2>\n\n\n\n<p>Depuis S\u00e9ville, le voyage se poursuit vers la province de Cadix, o\u00f9 la gastronomie andalouse et les traditions viticoles occupent le devant de la sc\u00e8ne.<\/p>\n\n\n\n<p>\u00c0 Jerez de la Frontera, berceau du vin de X\u00e9r\u00e8s et du flamenco, vous d\u00e9couvrirez le monde fascinant de la production viticole traditionnelle. Les visites de caves historiques r\u00e9v\u00e8lent le processus d&rsquo;\u00e9levage unique des vins de X\u00e9r\u00e8s, suivies de d\u00e9gustations guid\u00e9es par des experts locaux.<\/p>\n\n\n\n<p>Au cours de cette \u00e9tape du voyage, vous profiterez \u00e9galement d&rsquo;une authentique exp\u00e9rience culinaire, apprenant \u00e0 pr\u00e9parer des plats r\u00e9gionaux dans une cuisine locale accueillante. Le soir, l&rsquo;atmosph\u00e8re de Jerez s&rsquo;anime avec un spectacle de flamenco, l&rsquo;une des expressions artistiques les plus puissantes de la culture andalouse.<\/p>\n\n\n\n<figure class=\"wp-block-image size-large\"><img loading=\"lazy\" decoding=\"async\" width=\"1024\" height=\"683\" src=\"https:\/\/allsevillaguides.com\/wp-content\/uploads\/2026\/04\/1-jerez-gastronomia-1024x683.webp\" alt=\"D\u00e9gustation de vins et de tapas traditionnelles andalouses dans une cave, avec du jambon ib\u00e9rique, des fromages et des olives, dans une ambiance typique du sud de l'Espagne.\" class=\"wp-image-1874\" srcset=\"https:\/\/allsevillaguides.com\/wp-content\/uploads\/2026\/04\/1-jerez-gastronomia-1024x683.webp 1024w, https:\/\/allsevillaguides.com\/wp-content\/uploads\/2026\/04\/1-jerez-gastronomia-300x200.webp 300w, https:\/\/allsevillaguides.com\/wp-content\/uploads\/2026\/04\/1-jerez-gastronomia-768x512.webp 768w, https:\/\/allsevillaguides.com\/wp-content\/uploads\/2026\/04\/1-jerez-gastronomia.webp 1248w\" sizes=\"auto, (max-width: 1024px) 100vw, 1024px\" \/><\/figure>\n\n\n\n<h2 class=\"wp-block-heading\"><strong>Tarifa et la C\u00f4te Sud<\/strong><\/h2>\n\n\n\n<p>Le voyage continue vers le sud, \u00e0 travers la province de Cadix, o\u00f9 de superbes paysages naturels rencontrent l&rsquo;oc\u00e9an Atlantique.<\/p>\n\n\n\n<p>Vous explorerez le Parc naturel du D\u00e9troit de Gibraltar et visiterez le charmant village blanchi \u00e0 la chaux de Tarifa, le point le plus m\u00e9ridional de l&rsquo;Europe continentale, situ\u00e9 \u00e0 seulement 14 kilom\u00e8tres de l&rsquo;Afrique.<\/p>\n\n\n\n<p>Ce cadre spectaculaire offre des panoramas c\u00f4tiers \u00e0 couper le souffle et une atmosph\u00e8re culturelle unique, fa\u00e7onn\u00e9e par des si\u00e8cles de connexions maritimes.<\/p>\n\n\n\n<h2 class=\"wp-block-heading\"><strong>Ronda \u2014 Le R\u00eave du Voyageur Romantique<\/strong><\/h2>\n\n\n\n<p>Depuis la c\u00f4te, l&rsquo;itin\u00e9raire remonte vers l&rsquo;int\u00e9rieur des terres et les montagnes pour rejoindre la dramatique cit\u00e9 de Ronda.<\/p>\n\n\n\n<p>Perch\u00e9e au-dessus d&rsquo;un spectaculaire ravin, Ronda est devenue l&rsquo;un des points forts des voyages des romantiques en Andalousie. Ses paysages saisissants, ses ponts historiques et son h\u00e9ritage mauresque en ont fait un symbole de la beaut\u00e9 exotique qui fascinait les visiteurs du XIXe si\u00e8cle.<\/p>\n\n\n\n<p>Se promener dans Ronda r\u00e9v\u00e8le les traces du pass\u00e9 islamique de l&rsquo;Andalousie aux c\u00f4t\u00e9s d&rsquo;une \u00e9l\u00e9gante architecture des si\u00e8cles suivants.<\/p>\n\n\n\n<figure class=\"wp-block-image size-large\"><img loading=\"lazy\" decoding=\"async\" width=\"1024\" height=\"683\" src=\"https:\/\/allsevillaguides.com\/wp-content\/uploads\/2026\/04\/1-tour-en-ronda-Malaga-1024x683.webp\" alt=\"Vista del Puente Nuevo de Ronda iluminado al atardecer, conectando ambos lados del desfiladero con casas blancas andaluzas y monta\u00f1as al fondo.\" class=\"wp-image-1875\" srcset=\"https:\/\/allsevillaguides.com\/wp-content\/uploads\/2026\/04\/1-tour-en-ronda-Malaga-1024x683.webp 1024w, https:\/\/allsevillaguides.com\/wp-content\/uploads\/2026\/04\/1-tour-en-ronda-Malaga-300x200.webp 300w, https:\/\/allsevillaguides.com\/wp-content\/uploads\/2026\/04\/1-tour-en-ronda-Malaga-768x512.webp 768w, https:\/\/allsevillaguides.com\/wp-content\/uploads\/2026\/04\/1-tour-en-ronda-Malaga.webp 1248w\" sizes=\"auto, (max-width: 1024px) 100vw, 1024px\" \/><\/figure>\n\n\n\n<h2 class=\"wp-block-heading\"><strong>Grenade et la Majest\u00e9 de l&rsquo;Alhambra<\/strong><\/h2>\n\n\n\n<p>La prochaine \u00e9tape est Grenade, qui abrite l&rsquo;un des monuments les plus extraordinaires du monde : le Palais de l&rsquo;Alhambra.<\/p>\n\n\n\n<p>Grenade fut la derni\u00e8re capitale de l&rsquo;Espagne musulmane et demeure la ville o\u00f9 l&rsquo;h\u00e9ritage d&rsquo;Al-Andalus est le plus visible. Une visite priv\u00e9e de l&rsquo;Alhambra r\u00e9v\u00e8le la sophistication artistique extraordinaire de ce complexe palatial.<\/p>\n\n\n\n<p>Vous explorerez \u00e9galement le quartier historique de l&rsquo;Albaic\u00edn, o\u00f9 des ruelles \u00e9troites et des vues panoramiques sur l&rsquo;Alhambra cr\u00e9ent l&rsquo;un des paysages les plus iconiques d&rsquo;Espagne.<\/p>\n\n\n\n<p>Grenade est \u00e9galement r\u00e9put\u00e9e pour sa vivante culture des tapas, que nous vivrons dans quelques-uns des bars et tavernes les plus authentiques de la ville.<\/p>\n\n\n\n<figure class=\"wp-block-image size-large\"><img loading=\"lazy\" decoding=\"async\" width=\"1024\" height=\"683\" src=\"https:\/\/allsevillaguides.com\/wp-content\/uploads\/2026\/04\/1-tour-por-la-alhambra-en-Granada-1024x683.webp\" alt=\"Vista panor\u00e1mica de la Alhambra en Granada al atardecer, con calles tradicionales andaluzas en primer plano y la Sierra Nevada de fondo.\" class=\"wp-image-1876\" srcset=\"https:\/\/allsevillaguides.com\/wp-content\/uploads\/2026\/04\/1-tour-por-la-alhambra-en-Granada-1024x683.webp 1024w, https:\/\/allsevillaguides.com\/wp-content\/uploads\/2026\/04\/1-tour-por-la-alhambra-en-Granada-300x200.webp 300w, https:\/\/allsevillaguides.com\/wp-content\/uploads\/2026\/04\/1-tour-por-la-alhambra-en-Granada-768x512.webp 768w, https:\/\/allsevillaguides.com\/wp-content\/uploads\/2026\/04\/1-tour-por-la-alhambra-en-Granada.webp 1248w\" sizes=\"auto, (max-width: 1024px) 100vw, 1024px\" \/><\/figure>\n\n\n\n<h2 class=\"wp-block-heading\"><strong>Cordoue \u2014 La Cit\u00e9 des Trois Cultures<\/strong><\/h2>\n\n\n\n<p>Le voyage se poursuit vers Cordoue, l&rsquo;une des villes les plus significatives sur le plan historique en Andalousie.<\/p>\n\n\n\n<p>Au Moyen \u00c2ge, Cordoue fut un centre du savoir o\u00f9 juifs, musulmans et chr\u00e9tiens vivaient et \u00e9changeaient des id\u00e9es, transformant la ville en capitale intellectuelle du monde m\u00e9diterran\u00e9en.<\/p>\n\n\n\n<p>Vous y visiterez l&rsquo;extraordinaire Mosqu\u00e9e-Cath\u00e9drale de Cordoue, largement consid\u00e9r\u00e9e comme l&rsquo;un des monuments les plus fascinants d&rsquo;Europe et un chef-d&rsquo;\u0153uvre de fusion architecturale et culturelle.<\/p>\n\n\n\n<h2 class=\"wp-block-heading\"><strong>Un Voyage au C\u0153ur de l&rsquo;\u00c2me de l&rsquo;Andalousie<\/strong><\/h2>\n\n\n\n<p>Ce tour priv\u00e9 de 9 jours en Andalousie offre une exploration profonde et enrichissante du sud de l&rsquo;Espagne, alliant d\u00e9couverte culturelle, paysages \u00e0 couper le souffle, gastronomie d&rsquo;exception et rencontres authentiques avec les traditions locales.<\/p>\n\n\n\n<p>C&rsquo;est un voyage id\u00e9al pour les familles ou les petits groupes d&rsquo;amis en qu\u00eate d&rsquo;une exp\u00e9rience de voyage unique et enrichissante.<\/p>\n\n\n\n<p>Le programme peut inclure :<\/p>\n\n\n\n<ul class=\"wp-block-list\">\n<li>Guide local officiel et priv\u00e9 \u00e0 chaque destination<\/li>\n\n\n\n<li>Chauffeur professionnel d\u00e9di\u00e9<\/li>\n\n\n\n<li>Visites culturelles priv\u00e9es et billets pour les monuments<\/li>\n\n\n\n<li>H\u00e9bergement dans des h\u00f4tels boutique soigneusement s\u00e9lectionn\u00e9s<\/li>\n\n\n\n<li>Exp\u00e9riences gastronomiques choisies et repas locaux<\/li>\n<\/ul>\n\n\n\n<p>Chaque d\u00e9tail est con\u00e7u pour vous offrir un voyage fluide et inspirant \u00e0 travers l&rsquo;Andalousie.<\/p>\n\n\n\n<h2 class=\"wp-block-heading\"><strong>Commencez \u00e0 Planifier Votre Voyage en Andalousie<\/strong><\/h2>\n\n\n\n<p>Si vous souhaitez d\u00e9couvrir le sud de l&rsquo;Espagne \u00e0 travers un voyage culturel soigneusement con\u00e7u, nous serions ravis de cr\u00e9er votre itin\u00e9raire sur mesure en Andalousie.<\/p>\n","protected":false},"featured_media":1877,"template":"","meta":{"_acf_changed":false},"tour_facility":[],"tour_type":[196],"class_list":["post-1878","tour","type-tour","status-publish","has-post-thumbnail","hentry","tour_type-visites-personnalisees"],"acf":[],"yoast_head":"<!-- This site is optimized with the Yoast SEO plugin v27.5 - https:\/\/yoast.com\/product\/yoast-seo-wordpress\/ -->\n<title>Grand Tour d&#039;Andalousie | Voyage Culturel Priv\u00e9 de 9 Jours | All sevilla Guides<\/title>\n<meta name=\"description\" content=\"Circuit priv\u00e9 de 9 jours en Andalousie : itin\u00e9raire sur mesure, histoire et culture avec des guides experts. La fa\u00e7on la plus authentique de d\u00e9couvrir le sud de l&#039;Espagne.\" \/>\n<meta name=\"robots\" content=\"index, follow, max-snippet:-1, max-image-preview:large, max-video-preview:-1\" \/>\n<link rel=\"canonical\" href=\"https:\/\/allsevillaguides.com\/fr\/tour\/grand-tour-dandalousie-voyage-culturel-prive-de-9-jours\/\" \/>\n<meta property=\"og:locale\" content=\"fr_FR\" \/>\n<meta property=\"og:type\" content=\"article\" \/>\n<meta property=\"og:title\" content=\"Grand Tour d&#039;Andalousie | Voyage Culturel Priv\u00e9 de 9 Jours | All sevilla Guides\" \/>\n<meta property=\"og:description\" content=\"Circuit priv\u00e9 de 9 jours en Andalousie : itin\u00e9raire sur mesure, histoire et culture avec des guides experts. La fa\u00e7on la plus authentique de d\u00e9couvrir le sud de l&#039;Espagne.\" \/>\n<meta property=\"og:url\" content=\"https:\/\/allsevillaguides.com\/fr\/tour\/grand-tour-dandalousie-voyage-culturel-prive-de-9-jours\/\" \/>\n<meta property=\"og:site_name\" content=\"All sevilla Guides\" \/>\n<meta property=\"article:publisher\" content=\"https:\/\/www.facebook.com\/AllSevillaTours\/?ref=aymt_homepage_panel\" \/>\n<meta property=\"article:modified_time\" content=\"2026-04-29T15:44:58+00:00\" \/>\n<meta property=\"og:image\" content=\"https:\/\/allsevillaguides.com\/wp-content\/uploads\/2026\/04\/Gran-Tour-por-Andalucia.webp\" \/>\n\t<meta property=\"og:image:width\" content=\"1152\" \/>\n\t<meta property=\"og:image:height\" content=\"864\" \/>\n\t<meta property=\"og:image:type\" content=\"image\/webp\" \/>\n<meta name=\"twitter:card\" content=\"summary_large_image\" \/>\n<meta name=\"twitter:site\" content=\"@AllSevillaTours\" \/>\n<meta name=\"twitter:label1\" content=\"Dur\u00e9e de lecture estim\u00e9e\" \/>\n\t<meta name=\"twitter:data1\" content=\"6 minutes\" \/>\n<script type=\"application\/ld+json\" class=\"yoast-schema-graph\">{\"@context\":\"https:\\\/\\\/schema.org\",\"@graph\":[{\"@type\":\"WebPage\",\"@id\":\"https:\\\/\\\/allsevillaguides.com\\\/fr\\\/tour\\\/grand-tour-dandalousie-voyage-culturel-prive-de-9-jours\\\/\",\"url\":\"https:\\\/\\\/allsevillaguides.com\\\/fr\\\/tour\\\/grand-tour-dandalousie-voyage-culturel-prive-de-9-jours\\\/\",\"name\":\"Grand Tour d'Andalousie | Voyage Culturel Priv\u00e9 de 9 Jours | All sevilla Guides\",\"isPartOf\":{\"@id\":\"https:\\\/\\\/allsevillaguides.com\\\/fr\\\/#website\"},\"primaryImageOfPage\":{\"@id\":\"https:\\\/\\\/allsevillaguides.com\\\/fr\\\/tour\\\/grand-tour-dandalousie-voyage-culturel-prive-de-9-jours\\\/#primaryimage\"},\"image\":{\"@id\":\"https:\\\/\\\/allsevillaguides.com\\\/fr\\\/tour\\\/grand-tour-dandalousie-voyage-culturel-prive-de-9-jours\\\/#primaryimage\"},\"thumbnailUrl\":\"https:\\\/\\\/allsevillaguides.com\\\/wp-content\\\/uploads\\\/2026\\\/04\\\/Gran-Tour-por-Andalucia.webp\",\"datePublished\":\"2026-04-16T19:41:10+00:00\",\"dateModified\":\"2026-04-29T15:44:58+00:00\",\"description\":\"Circuit priv\u00e9 de 9 jours en Andalousie : itin\u00e9raire sur mesure, histoire et culture avec des guides experts. La fa\u00e7on la plus authentique de d\u00e9couvrir le sud de l'Espagne.\",\"breadcrumb\":{\"@id\":\"https:\\\/\\\/allsevillaguides.com\\\/fr\\\/tour\\\/grand-tour-dandalousie-voyage-culturel-prive-de-9-jours\\\/#breadcrumb\"},\"inLanguage\":\"fr-FR\",\"potentialAction\":[{\"@type\":\"ReadAction\",\"target\":[\"https:\\\/\\\/allsevillaguides.com\\\/fr\\\/tour\\\/grand-tour-dandalousie-voyage-culturel-prive-de-9-jours\\\/\"]}]},{\"@type\":\"ImageObject\",\"inLanguage\":\"fr-FR\",\"@id\":\"https:\\\/\\\/allsevillaguides.com\\\/fr\\\/tour\\\/grand-tour-dandalousie-voyage-culturel-prive-de-9-jours\\\/#primaryimage\",\"url\":\"https:\\\/\\\/allsevillaguides.com\\\/wp-content\\\/uploads\\\/2026\\\/04\\\/Gran-Tour-por-Andalucia.webp\",\"contentUrl\":\"https:\\\/\\\/allsevillaguides.com\\\/wp-content\\\/uploads\\\/2026\\\/04\\\/Gran-Tour-por-Andalucia.webp\",\"width\":1152,\"height\":864,\"caption\":\"Un m\u00e9lange d'exp\u00e9riences en Andalousie, avec la Plaza de Espa\u00f1a \u00e0 S\u00e9ville, une cave traditionnelle, un spectacle de flamenco et des vues sur la c\u00f4te, illustrant ce grand circuit culturel priv\u00e9 dans le sud de l'Espagne.\"},{\"@type\":\"BreadcrumbList\",\"@id\":\"https:\\\/\\\/allsevillaguides.com\\\/fr\\\/tour\\\/grand-tour-dandalousie-voyage-culturel-prive-de-9-jours\\\/#breadcrumb\",\"itemListElement\":[{\"@type\":\"ListItem\",\"position\":1,\"name\":\"Portada\",\"item\":\"https:\\\/\\\/allsevillaguides.com\\\/fr\\\/\"},{\"@type\":\"ListItem\",\"position\":2,\"name\":\"Grand Tour d&#8217;Andalousie | Voyage Culturel Priv\u00e9 de 9 Jours\"}]},{\"@type\":\"WebSite\",\"@id\":\"https:\\\/\\\/allsevillaguides.com\\\/fr\\\/#website\",\"url\":\"https:\\\/\\\/allsevillaguides.com\\\/fr\\\/\",\"name\":\"Allsevillaguides.com\",\"description\":\"Visitas guiadas y experiencias \u00fanicas en Sevilla, Espa\u00f1a\",\"publisher\":{\"@id\":\"https:\\\/\\\/allsevillaguides.com\\\/fr\\\/#organization\"},\"alternateName\":\"All Sevilla Guides\",\"potentialAction\":[{\"@type\":\"SearchAction\",\"target\":{\"@type\":\"EntryPoint\",\"urlTemplate\":\"https:\\\/\\\/allsevillaguides.com\\\/fr\\\/?s={search_term_string}\"},\"query-input\":{\"@type\":\"PropertyValueSpecification\",\"valueRequired\":true,\"valueName\":\"search_term_string\"}}],\"inLanguage\":\"fr-FR\"},{\"@type\":\"Organization\",\"@id\":\"https:\\\/\\\/allsevillaguides.com\\\/fr\\\/#organization\",\"name\":\"All Sevilla Tours\",\"alternateName\":\"All Sevilla Guides\",\"url\":\"https:\\\/\\\/allsevillaguides.com\\\/fr\\\/\",\"logo\":{\"@type\":\"ImageObject\",\"inLanguage\":\"fr-FR\",\"@id\":\"https:\\\/\\\/allsevillaguides.com\\\/fr\\\/#\\\/schema\\\/logo\\\/image\\\/\",\"url\":\"https:\\\/\\\/allsevillaguides.com\\\/wp-content\\\/uploads\\\/2025\\\/12\\\/LOGO-PINK.svg\",\"contentUrl\":\"https:\\\/\\\/allsevillaguides.com\\\/wp-content\\\/uploads\\\/2025\\\/12\\\/LOGO-PINK.svg\",\"caption\":\"All Sevilla Tours\"},\"image\":{\"@id\":\"https:\\\/\\\/allsevillaguides.com\\\/fr\\\/#\\\/schema\\\/logo\\\/image\\\/\"},\"sameAs\":[\"https:\\\/\\\/www.facebook.com\\\/AllSevillaTours\\\/?ref=aymt_homepage_panel\",\"https:\\\/\\\/x.com\\\/AllSevillaTours\",\"https:\\\/\\\/www.instagram.com\\\/all.sevilla.tours\\\/\",\"https:\\\/\\\/www.youtube.com\\\/channel\\\/UCud-_NKc0HV8USIsOk5R1qw?disable_polymer=true\"]}]}<\/script>\n<!-- \/ Yoast SEO plugin. -->","yoast_head_json":{"title":"Grand Tour d'Andalousie | Voyage Culturel Priv\u00e9 de 9 Jours | All sevilla Guides","description":"Circuit priv\u00e9 de 9 jours en Andalousie : itin\u00e9raire sur mesure, histoire et culture avec des guides experts. La fa\u00e7on la plus authentique de d\u00e9couvrir le sud de l'Espagne.","robots":{"index":"index","follow":"follow","max-snippet":"max-snippet:-1","max-image-preview":"max-image-preview:large","max-video-preview":"max-video-preview:-1"},"canonical":"https:\/\/allsevillaguides.com\/fr\/tour\/grand-tour-dandalousie-voyage-culturel-prive-de-9-jours\/","og_locale":"fr_FR","og_type":"article","og_title":"Grand Tour d'Andalousie | Voyage Culturel Priv\u00e9 de 9 Jours | All sevilla Guides","og_description":"Circuit priv\u00e9 de 9 jours en Andalousie : itin\u00e9raire sur mesure, histoire et culture avec des guides experts. La fa\u00e7on la plus authentique de d\u00e9couvrir le sud de l'Espagne.","og_url":"https:\/\/allsevillaguides.com\/fr\/tour\/grand-tour-dandalousie-voyage-culturel-prive-de-9-jours\/","og_site_name":"All sevilla Guides","article_publisher":"https:\/\/www.facebook.com\/AllSevillaTours\/?ref=aymt_homepage_panel","article_modified_time":"2026-04-29T15:44:58+00:00","og_image":[{"width":1152,"height":864,"url":"https:\/\/allsevillaguides.com\/wp-content\/uploads\/2026\/04\/Gran-Tour-por-Andalucia.webp","type":"image\/webp"}],"twitter_card":"summary_large_image","twitter_site":"@AllSevillaTours","twitter_misc":{"Dur\u00e9e de lecture estim\u00e9e":"6 minutes"},"schema":{"@context":"https:\/\/schema.org","@graph":[{"@type":"WebPage","@id":"https:\/\/allsevillaguides.com\/fr\/tour\/grand-tour-dandalousie-voyage-culturel-prive-de-9-jours\/","url":"https:\/\/allsevillaguides.com\/fr\/tour\/grand-tour-dandalousie-voyage-culturel-prive-de-9-jours\/","name":"Grand Tour d'Andalousie | Voyage Culturel Priv\u00e9 de 9 Jours | All sevilla Guides","isPartOf":{"@id":"https:\/\/allsevillaguides.com\/fr\/#website"},"primaryImageOfPage":{"@id":"https:\/\/allsevillaguides.com\/fr\/tour\/grand-tour-dandalousie-voyage-culturel-prive-de-9-jours\/#primaryimage"},"image":{"@id":"https:\/\/allsevillaguides.com\/fr\/tour\/grand-tour-dandalousie-voyage-culturel-prive-de-9-jours\/#primaryimage"},"thumbnailUrl":"https:\/\/allsevillaguides.com\/wp-content\/uploads\/2026\/04\/Gran-Tour-por-Andalucia.webp","datePublished":"2026-04-16T19:41:10+00:00","dateModified":"2026-04-29T15:44:58+00:00","description":"Circuit priv\u00e9 de 9 jours en Andalousie : itin\u00e9raire sur mesure, histoire et culture avec des guides experts. La fa\u00e7on la plus authentique de d\u00e9couvrir le sud de l'Espagne.","breadcrumb":{"@id":"https:\/\/allsevillaguides.com\/fr\/tour\/grand-tour-dandalousie-voyage-culturel-prive-de-9-jours\/#breadcrumb"},"inLanguage":"fr-FR","potentialAction":[{"@type":"ReadAction","target":["https:\/\/allsevillaguides.com\/fr\/tour\/grand-tour-dandalousie-voyage-culturel-prive-de-9-jours\/"]}]},{"@type":"ImageObject","inLanguage":"fr-FR","@id":"https:\/\/allsevillaguides.com\/fr\/tour\/grand-tour-dandalousie-voyage-culturel-prive-de-9-jours\/#primaryimage","url":"https:\/\/allsevillaguides.com\/wp-content\/uploads\/2026\/04\/Gran-Tour-por-Andalucia.webp","contentUrl":"https:\/\/allsevillaguides.com\/wp-content\/uploads\/2026\/04\/Gran-Tour-por-Andalucia.webp","width":1152,"height":864,"caption":"Un m\u00e9lange d'exp\u00e9riences en Andalousie, avec la Plaza de Espa\u00f1a \u00e0 S\u00e9ville, une cave traditionnelle, un spectacle de flamenco et des vues sur la c\u00f4te, illustrant ce grand circuit culturel priv\u00e9 dans le sud de l'Espagne."},{"@type":"BreadcrumbList","@id":"https:\/\/allsevillaguides.com\/fr\/tour\/grand-tour-dandalousie-voyage-culturel-prive-de-9-jours\/#breadcrumb","itemListElement":[{"@type":"ListItem","position":1,"name":"Portada","item":"https:\/\/allsevillaguides.com\/fr\/"},{"@type":"ListItem","position":2,"name":"Grand Tour d&#8217;Andalousie | Voyage Culturel Priv\u00e9 de 9 Jours"}]},{"@type":"WebSite","@id":"https:\/\/allsevillaguides.com\/fr\/#website","url":"https:\/\/allsevillaguides.com\/fr\/","name":"Allsevillaguides.com","description":"Visitas guiadas y experiencias \u00fanicas en Sevilla, Espa\u00f1a","publisher":{"@id":"https:\/\/allsevillaguides.com\/fr\/#organization"},"alternateName":"All Sevilla Guides","potentialAction":[{"@type":"SearchAction","target":{"@type":"EntryPoint","urlTemplate":"https:\/\/allsevillaguides.com\/fr\/?s={search_term_string}"},"query-input":{"@type":"PropertyValueSpecification","valueRequired":true,"valueName":"search_term_string"}}],"inLanguage":"fr-FR"},{"@type":"Organization","@id":"https:\/\/allsevillaguides.com\/fr\/#organization","name":"All Sevilla Tours","alternateName":"All Sevilla Guides","url":"https:\/\/allsevillaguides.com\/fr\/","logo":{"@type":"ImageObject","inLanguage":"fr-FR","@id":"https:\/\/allsevillaguides.com\/fr\/#\/schema\/logo\/image\/","url":"https:\/\/allsevillaguides.com\/wp-content\/uploads\/2025\/12\/LOGO-PINK.svg","contentUrl":"https:\/\/allsevillaguides.com\/wp-content\/uploads\/2025\/12\/LOGO-PINK.svg","caption":"All Sevilla Tours"},"image":{"@id":"https:\/\/allsevillaguides.com\/fr\/#\/schema\/logo\/image\/"},"sameAs":["https:\/\/www.facebook.com\/AllSevillaTours\/?ref=aymt_homepage_panel","https:\/\/x.com\/AllSevillaTours","https:\/\/www.instagram.com\/all.sevilla.tours\/","https:\/\/www.youtube.com\/channel\/UCud-_NKc0HV8USIsOk5R1qw?disable_polymer=true"]}]}},"_links":{"self":[{"href":"https:\/\/allsevillaguides.com\/fr\/wp-json\/wp\/v2\/tour\/1878","targetHints":{"allow":["GET"]}}],"collection":[{"href":"https:\/\/allsevillaguides.com\/fr\/wp-json\/wp\/v2\/tour"}],"about":[{"href":"https:\/\/allsevillaguides.com\/fr\/wp-json\/wp\/v2\/types\/tour"}],"wp:featuredmedia":[{"embeddable":true,"href":"https:\/\/allsevillaguides.com\/fr\/wp-json\/wp\/v2\/media\/1877"}],"wp:attachment":[{"href":"https:\/\/allsevillaguides.com\/fr\/wp-json\/wp\/v2\/media?parent=1878"}],"wp:term":[{"taxonomy":"tour_facility","embeddable":true,"href":"https:\/\/allsevillaguides.com\/fr\/wp-json\/wp\/v2\/tour_facility?post=1878"},{"taxonomy":"tour_type","embeddable":true,"href":"https:\/\/allsevillaguides.com\/fr\/wp-json\/wp\/v2\/tour_type?post=1878"}],"curies":[{"name":"wp","href":"https:\/\/api.w.org\/{rel}","templated":true}]}}